{"id":4120,"date":"2025-06-07T23:27:48","date_gmt":"2025-06-07T23:27:48","guid":{"rendered":"https:\/\/victorsoliv.com\/?page_id=4120"},"modified":"2025-06-08T00:37:44","modified_gmt":"2025-06-08T00:37:44","slug":"lorezaakuma","status":"publish","type":"page","link":"https:\/\/victorsoliv.com\/en\/lorezaakuma\/","title":{"rendered":"Zaakuma Lore"},"content":{"rendered":"<div data-elementor-type=\"wp-page\" data-elementor-id=\"4120\" class=\"elementor elementor-4120\" data-elementor-settings=\"{&quot;ha_cmc_init_switcher&quot;:&quot;no&quot;}\" data-elementor-post-type=\"page\">\n\t\t\t\t\t\t<section class=\"elementor-section elementor-top-section elementor-element elementor-element-bc8219e elementor-section-height-min-height elementor-section-boxed elementor-section-height-default elementor-section-items-middle wpr-particle-no wpr-jarallax-no wpr-parallax-no wpr-sticky-section-no\" data-id=\"bc8219e\" data-element_type=\"section\" data-settings=\"{&quot;background_background&quot;:&quot;classic&quot;,&quot;_ha_eqh_enable&quot;:false}\">\n\t\t\t\t\t\t<div class=\"elementor-container elementor-column-gap-no\">\n\t\t\t\t\t<div class=\"elementor-column elementor-col-100 elementor-top-column elementor-element elementor-element-8a8fc04\" data-id=\"8a8fc04\" data-element_type=\"column\" data-settings=\"{&quot;background_background&quot;:&quot;classic&quot;}\">\n\t\t\t<div class=\"elementor-widget-wrap elementor-element-populated\">\n\t\t\t\t\t\t<div class=\"elementor-element elementor-element-4b66d87 elementor-widget elementor-widget-video\" data-id=\"4b66d87\" data-element_type=\"widget\" data-settings=\"{&quot;video_type&quot;:&quot;hosted&quot;,&quot;autoplay&quot;:&quot;yes&quot;,&quot;play_on_mobile&quot;:&quot;yes&quot;,&quot;mute&quot;:&quot;yes&quot;,&quot;loop&quot;:&quot;yes&quot;}\" data-widget_type=\"video.default\">\n\t\t\t\t<div class=\"elementor-widget-container\">\n\t\t\t\t\t\t\t<div class=\"e-hosted-video elementor-wrapper elementor-open-inline\">\n\t\t\t\t\t<video class=\"elementor-video\" src=\"http:\/\/victorsoliv.com\/wp-content\/uploads\/2025\/06\/Banner-Animado.mp4\" autoplay=\"\" loop=\"\" muted=\"muted\" playsinline=\"\" controlslist=\"nodownload\"><\/video>\n\t\t\t\t<\/div>\n\t\t\t\t\t\t<\/div>\n\t\t\t\t<\/div>\n\t\t\t\t<div class=\"elementor-element elementor-element-dbccde3 elementor-widget elementor-widget-image\" data-id=\"dbccde3\" data-element_type=\"widget\" data-widget_type=\"image.default\">\n\t\t\t\t<div class=\"elementor-widget-container\">\n\t\t\t\t\t\t\t\t\t\t\t\t\t\t\t<img fetchpriority=\"high\" decoding=\"async\" width=\"1920\" height=\"1080\" src=\"https:\/\/victorsoliv.com\/wp-content\/uploads\/2025\/06\/1.png\" class=\"attachment-full size-full wp-image-4122\" alt=\"\" srcset=\"https:\/\/victorsoliv.com\/wp-content\/uploads\/2025\/06\/1.png 1920w, https:\/\/victorsoliv.com\/wp-content\/uploads\/2025\/06\/1-300x169.png 300w, https:\/\/victorsoliv.com\/wp-content\/uploads\/2025\/06\/1-1024x576.png 1024w, https:\/\/victorsoliv.com\/wp-content\/uploads\/2025\/06\/1-768x432.png 768w, https:\/\/victorsoliv.com\/wp-content\/uploads\/2025\/06\/1-1536x864.png 1536w, https:\/\/victorsoliv.com\/wp-content\/uploads\/2025\/06\/1-18x10.png 18w\" sizes=\"(max-width: 1920px) 100vw, 1920px\" \/>\t\t\t\t\t\t\t\t\t\t\t\t\t\t\t<\/div>\n\t\t\t\t<\/div>\n\t\t<div class=\"elementor-element elementor-element-e544859 e-flex e-con-boxed wpr-particle-no wpr-jarallax-no wpr-parallax-no wpr-sticky-section-no e-con e-parent\" data-id=\"e544859\" data-element_type=\"container\" data-settings=\"{&quot;background_background&quot;:&quot;classic&quot;,&quot;_ha_eqh_enable&quot;:false}\">\n\t\t\t\t\t<div class=\"e-con-inner\">\n\t\t<div class=\"elementor-element elementor-element-1e61de6 e-flex e-con-boxed wpr-particle-no wpr-jarallax-no wpr-parallax-no wpr-sticky-section-no e-con e-child\" data-id=\"1e61de6\" data-element_type=\"container\" data-settings=\"{&quot;_ha_eqh_enable&quot;:false}\">\n\t\t\t\t\t<div class=\"e-con-inner\">\n\t\t\t\t<div class=\"elementor-element elementor-element-6e82475 elementor-widget elementor-widget-heading\" data-id=\"6e82475\" data-element_type=\"widget\" data-widget_type=\"heading.default\">\n\t\t\t\t<div class=\"elementor-widget-container\">\n\t\t\t\t\t<h2 class=\"elementor-heading-title elementor-size-default\">Resumo<\/h2>\t\t\t\t<\/div>\n\t\t\t\t<\/div>\n\t\t\t\t<div class=\"elementor-element elementor-element-9da5593 elementor-widget elementor-widget-heading\" data-id=\"9da5593\" data-element_type=\"widget\" data-widget_type=\"heading.default\">\n\t\t\t\t<div class=\"elementor-widget-container\">\n\t\t\t\t\t<h2 class=\"elementor-heading-title elementor-size-default\">Zaakuma \u00e9 um jogo de terror psicologico do genero RPG, inspirado em Ao Oni.\n<br><br>\nPor ser RPG, o jogador tem a possibilidade de fazer diversas escolhas que levam a diferentes caminhos e resultados, criando assim uma maior imers\u00e3o e imprevisibilidade.\n<br><br>\nSua jogabilidade consiste em andar pelo mapa em busca de itens para desbloquear caminhos e hist\u00f3rias, sem morrer, e ent\u00e3o finalizar o jogo.\n<br><br>\nO jogo possui 5 dem\u00f4nios malignos, sendo um deles o vil\u00e3o principal cuja hist\u00f3ria gira em torno.\n<br><br>\nCada dem\u00f4nio possui sua pr\u00f3pria personalidade e hist\u00f3ria, com seus pr\u00f3prios desafios, para aumentar a imers\u00e3o do jogador na lore do jogo.<\/h2>\t\t\t\t<\/div>\n\t\t\t\t<\/div>\n\t\t\t\t\t<\/div>\n\t\t\t\t<\/div>\n\t\t\t\t\t<\/div>\n\t\t\t\t<\/div>\n\t\t<div class=\"elementor-element elementor-element-cf38246 e-flex e-con-boxed wpr-particle-no wpr-jarallax-no wpr-parallax-no wpr-sticky-section-no e-con e-parent\" data-id=\"cf38246\" data-element_type=\"container\" data-settings=\"{&quot;background_background&quot;:&quot;classic&quot;,&quot;_ha_eqh_enable&quot;:false}\">\n\t\t\t\t\t<div class=\"e-con-inner\">\n\t\t<div class=\"elementor-element elementor-element-4bb8ddf e-flex e-con-boxed wpr-particle-no wpr-jarallax-no wpr-parallax-no wpr-sticky-section-no e-con e-child\" data-id=\"4bb8ddf\" data-element_type=\"container\" data-settings=\"{&quot;_ha_eqh_enable&quot;:false}\">\n\t\t\t\t\t<div class=\"e-con-inner\">\n\t\t\t\t<div class=\"elementor-element elementor-element-1c46933 elementor-widget elementor-widget-heading\" data-id=\"1c46933\" data-element_type=\"widget\" data-widget_type=\"heading.default\">\n\t\t\t\t<div class=\"elementor-widget-container\">\n\t\t\t\t\t<h2 class=\"elementor-heading-title elementor-size-default\">Lore geral<\/h2>\t\t\t\t<\/div>\n\t\t\t\t<\/div>\n\t\t\t\t<div class=\"elementor-element elementor-element-cdf8473 elementor-widget elementor-widget-heading\" data-id=\"cdf8473\" data-element_type=\"widget\" data-widget_type=\"heading.default\">\n\t\t\t\t<div class=\"elementor-widget-container\">\n\t\t\t\t\t<h2 class=\"elementor-heading-title elementor-size-default\">Em 1950, 5 alunos foram brutalmente assasinados na escola Gokibu. As entidades legais alertaram que n\u00e3o conseguiram encontrar nada al\u00e9m de suas cabe\u00e7as, tampouco descobriram quem cometeu tal ato. Este ocorrido se tornou conhecido como o \u201cMassacre das Cabe\u00e7as\u201d.\n<br><br>\nDesde ent\u00e3o muitas hist\u00f3rias e lendas s\u00e3o criadas sobre o mist\u00e9rio do Massacre das Cabe\u00e7as, especialmente dentro das escolas.\n<br><br>\nEm 1970, devido \u00e0 grande desconfian\u00e7a das pessoas no geral, a escola Gokibu veio \u00e0 fal\u00eancia. Em 1971 seu terreno foi comprado e restaurado, junto da constru\u00e7\u00e3o, onde se iniciou uma nova escola, a \u201cEscola Tokigo\u201d.\n<br><br>\nMuitos eventos paranormais aconteciam na Escola Tokigo, especialmente na virada do dia. Muitos alunos reclamavam afirmando que seus materiais sumiam do dia para a noite; por alguma raz\u00e3o, o mesmo acontecia com livros da biblioteca, lixos e coisas no geral.\n<br><br>\nEm 1997, foi colocado um seguran\u00e7a interno, para observar se encontrava qualquer suspeito durante a noite. No dia 05 de Maio de 1997, este mesmo seguran\u00e7a foi encontrado sentado no ch\u00e3o da entrada da escola, acordado por\u00e9m inconsciente.\n<br><br>\nEm 1998, foram colocadas cameras de seguran\u00e7a ao redor da escola, por\u00e9m n\u00e3o foi poss\u00edvel observar nada.\n<br><br>\nFoi ent\u00e3o criada uma lenda afirmando que os 5 alunos do Massacre das Cabe\u00e7as se tornaram demonios terr\u00edveis, e que um deles, denominado Kuma, era o mais terr\u00edvel de todos.\n<br><br>\nNo dia 04 de Maio de 1999, escondidos \u00e0 noite na Escola Tokigo, uma dupla de alunos praticou um ritual publicado em um blog de internet, para invocar o demonio Kuma. No dia 5 de Maio de 1999, estes mesmos alunos foram dados como sumidos. O caso permanece um mist\u00e9rio.<\/h2>\t\t\t\t<\/div>\n\t\t\t\t<\/div>\n\t\t\t\t\t<\/div>\n\t\t\t\t<\/div>\n\t\t\t\t\t<\/div>\n\t\t\t\t<\/div>\n\t\t<div class=\"elementor-element elementor-element-d3e9250 e-flex e-con-boxed wpr-particle-no wpr-jarallax-no wpr-parallax-no wpr-sticky-section-no e-con e-parent\" data-id=\"d3e9250\" data-element_type=\"container\" data-settings=\"{&quot;background_background&quot;:&quot;classic&quot;,&quot;_ha_eqh_enable&quot;:false}\">\n\t\t\t\t\t<div class=\"e-con-inner\">\n\t\t<div class=\"elementor-element elementor-element-09a8b28 e-flex e-con-boxed wpr-particle-no wpr-jarallax-no wpr-parallax-no wpr-sticky-section-no e-con e-child\" data-id=\"09a8b28\" data-element_type=\"container\" data-settings=\"{&quot;_ha_eqh_enable&quot;:false}\">\n\t\t\t\t\t<div class=\"e-con-inner\">\n\t\t\t\t<div class=\"elementor-element elementor-element-b32f3cd elementor-widget elementor-widget-heading\" data-id=\"b32f3cd\" data-element_type=\"widget\" data-widget_type=\"heading.default\">\n\t\t\t\t<div class=\"elementor-widget-container\">\n\t\t\t\t\t<h2 class=\"elementor-heading-title elementor-size-default\">Lore geral - parte 2<\/h2>\t\t\t\t<\/div>\n\t\t\t\t<\/div>\n\t\t\t\t<div class=\"elementor-element elementor-element-95250a5 elementor-widget elementor-widget-heading\" data-id=\"95250a5\" data-element_type=\"widget\" data-widget_type=\"heading.default\">\n\t\t\t\t<div class=\"elementor-widget-container\">\n\t\t\t\t\t<h2 class=\"elementor-heading-title elementor-size-default\">O jogo se passa em 2001; Kenji, Hiroshi e Yui s\u00e3o estudantes do Ensino M\u00e9dio -- na escola de Tokigo, no Jap\u00e3o -- e tamb\u00e9m os personagens principais do jogo.\n<br><br>\nEste trio de alunos possui uma amizade muito forte, desde quando se conheceram, e est\u00e3o sempre buscando algo interessante para fazer.\n<br><br>\nNo dia 4 de Maio de 2001, Kenji convidou Hiroshi e Yui para invadir a escola \u00e0 noite, para descobrirem se realmente acontecem eventos sobrenaturais na escola.\n<br><br>\nNeste mesmo dia, quando anoiteceu, o trio invadiu a escola, e quando deu a meia noite do dia 5, suas vidas iniciaram um passo do qual n\u00e3o teria mais volta.\n<br><br>\nO sol nascia \u00e0s 5h da manh\u00e3, mas o trio experienciou algo sobrenatural, isto \u00e9, a noite n\u00e3o passava, e algumas horas, pareciam alguns dias.\n<br><br>\nO dem\u00f4nio Kuma ent\u00e3o apareceu afirmando:\n<br>-- Encontrem meu corpo, sen\u00e3o seus corpos ser\u00e3o meus.<\/h2>\t\t\t\t<\/div>\n\t\t\t\t<\/div>\n\t\t\t\t\t<\/div>\n\t\t\t\t<\/div>\n\t\t\t\t\t<\/div>\n\t\t\t\t<\/div>\n\t\t\t\t<div class=\"elementor-element elementor-element-b7a41c5 elementor-widget elementor-widget-image\" data-id=\"b7a41c5\" data-element_type=\"widget\" data-widget_type=\"image.default\">\n\t\t\t\t<div class=\"elementor-widget-container\">\n\t\t\t\t\t\t\t\t\t\t\t\t\t\t\t<img decoding=\"async\" width=\"1920\" height=\"1026\" src=\"https:\/\/victorsoliv.com\/wp-content\/uploads\/2025\/06\/2.png\" class=\"attachment-full size-full wp-image-4126\" alt=\"\" srcset=\"https:\/\/victorsoliv.com\/wp-content\/uploads\/2025\/06\/2.png 1920w, https:\/\/victorsoliv.com\/wp-content\/uploads\/2025\/06\/2-300x160.png 300w, https:\/\/victorsoliv.com\/wp-content\/uploads\/2025\/06\/2-1024x547.png 1024w, https:\/\/victorsoliv.com\/wp-content\/uploads\/2025\/06\/2-768x410.png 768w, https:\/\/victorsoliv.com\/wp-content\/uploads\/2025\/06\/2-1536x821.png 1536w, https:\/\/victorsoliv.com\/wp-content\/uploads\/2025\/06\/2-18x10.png 18w\" sizes=\"(max-width: 1920px) 100vw, 1920px\" \/>\t\t\t\t\t\t\t\t\t\t\t\t\t\t\t<\/div>\n\t\t\t\t<\/div>\n\t\t<div class=\"elementor-element elementor-element-e5cd28d e-flex e-con-boxed wpr-particle-no wpr-jarallax-no wpr-parallax-no wpr-sticky-section-no e-con e-parent\" data-id=\"e5cd28d\" data-element_type=\"container\" data-settings=\"{&quot;background_background&quot;:&quot;classic&quot;,&quot;_ha_eqh_enable&quot;:false}\">\n\t\t\t\t\t<div class=\"e-con-inner\">\n\t\t<div class=\"elementor-element elementor-element-75c1278 e-flex e-con-boxed wpr-particle-no wpr-jarallax-no wpr-parallax-no e-con e-child\" data-id=\"75c1278\" data-element_type=\"container\" data-settings=\"{&quot;sticky&quot;:&quot;top&quot;,&quot;sticky_on&quot;:[&quot;desktop&quot;,&quot;tablet&quot;],&quot;sticky_offset&quot;:100,&quot;sticky_parent&quot;:&quot;yes&quot;,&quot;_ha_eqh_enable&quot;:false,&quot;sticky_effects_offset&quot;:0,&quot;sticky_anchor_link_offset&quot;:0}\">\n\t\t\t\t\t<div class=\"e-con-inner\">\n\t\t\t\t<div class=\"elementor-element elementor-element-795d003 elementor-widget elementor-widget-image\" data-id=\"795d003\" data-element_type=\"widget\" data-widget_type=\"image.default\">\n\t\t\t\t<div class=\"elementor-widget-container\">\n\t\t\t\t\t\t\t\t\t\t\t\t\t\t\t<img decoding=\"async\" width=\"813\" height=\"921\" src=\"https:\/\/victorsoliv.com\/wp-content\/uploads\/2025\/06\/Demo1.png\" class=\"attachment-large size-large wp-image-4128\" alt=\"\" srcset=\"https:\/\/victorsoliv.com\/wp-content\/uploads\/2025\/06\/Demo1.png 813w, https:\/\/victorsoliv.com\/wp-content\/uploads\/2025\/06\/Demo1-265x300.png 265w, https:\/\/victorsoliv.com\/wp-content\/uploads\/2025\/06\/Demo1-768x870.png 768w, https:\/\/victorsoliv.com\/wp-content\/uploads\/2025\/06\/Demo1-11x12.png 11w\" sizes=\"(max-width: 813px) 100vw, 813px\" \/>\t\t\t\t\t\t\t\t\t\t\t\t\t\t\t<\/div>\n\t\t\t\t<\/div>\n\t\t\t\t\t<\/div>\n\t\t\t\t<\/div>\n\t\t<div class=\"elementor-element elementor-element-581b4d9 e-flex e-con-boxed wpr-particle-no wpr-jarallax-no wpr-parallax-no wpr-sticky-section-no e-con e-child\" data-id=\"581b4d9\" data-element_type=\"container\" data-settings=\"{&quot;_ha_eqh_enable&quot;:false}\">\n\t\t\t\t\t<div class=\"e-con-inner\">\n\t\t\t\t<div class=\"elementor-element elementor-element-7348686 elementor-widget elementor-widget-image\" data-id=\"7348686\" data-element_type=\"widget\" data-widget_type=\"image.default\">\n\t\t\t\t<div class=\"elementor-widget-container\">\n\t\t\t\t\t\t\t\t\t\t\t\t\t\t\t<img loading=\"lazy\" decoding=\"async\" width=\"286\" height=\"130\" src=\"https:\/\/victorsoliv.com\/wp-content\/uploads\/2025\/06\/Demo12.png\" class=\"attachment-large size-large wp-image-4127\" alt=\"\" srcset=\"https:\/\/victorsoliv.com\/wp-content\/uploads\/2025\/06\/Demo12.png 286w, https:\/\/victorsoliv.com\/wp-content\/uploads\/2025\/06\/Demo12-18x8.png 18w\" sizes=\"(max-width: 286px) 100vw, 286px\" \/>\t\t\t\t\t\t\t\t\t\t\t\t\t\t\t<\/div>\n\t\t\t\t<\/div>\n\t\t\t\t<div class=\"elementor-element elementor-element-b61cf0f elementor-widget elementor-widget-heading\" data-id=\"b61cf0f\" data-element_type=\"widget\" data-widget_type=\"heading.default\">\n\t\t\t\t<div class=\"elementor-widget-container\">\n\t\t\t\t\t<h2 class=\"elementor-heading-title elementor-size-default\">Zaakuma, tamb\u00e9m conhecido como Kuma, \u00e9 o principal dos dem\u00f4nios.\n<br><br>\nDos 5 dem\u00f4nios, ele \u00e9 o l\u00edder, e todos s\u00e3o submissos a ponto de temerem muito a sua presen\u00e7a.<\/h2>\t\t\t\t<\/div>\n\t\t\t\t<\/div>\n\t\t\t\t<div class=\"elementor-element elementor-element-24b5787 elementor-widget elementor-widget-heading\" data-id=\"24b5787\" data-element_type=\"widget\" data-widget_type=\"heading.default\">\n\t\t\t\t<div class=\"elementor-widget-container\">\n\t\t\t\t\t<h2 class=\"elementor-heading-title elementor-size-default\">Passado<\/h2>\t\t\t\t<\/div>\n\t\t\t\t<\/div>\n\t\t\t\t<div class=\"elementor-element elementor-element-ac205ca elementor-widget elementor-widget-heading\" data-id=\"ac205ca\" data-element_type=\"widget\" data-widget_type=\"heading.default\">\n\t\t\t\t<div class=\"elementor-widget-container\">\n\t\t\t\t\t<h2 class=\"elementor-heading-title elementor-size-default\">Seu nome original era Daiki, e tinha 15 anos quando morreu.\n<br><br>\nDaiki sofria bullying constante em sua escola, por conta de sua apar\u00eancia e personalidade. Chamavam ele de feio e estranho.\n<br><br>\nDaiki tinha uma necessidade extrema de ser elogiado, buscava constante aprova\u00e7\u00e3o de qualquer pessoa que encontrava, sobre qualquer coisa.\n<br><br>\nSecretamente ele tamb\u00e9m era extremamente agressivo, e em seu tempo livre gostava de torturar animais pequenos.\n<br><br>\nCerto dia, no final do dia, em sua escola, os alunos arrancaram quase todas as roupas de Daiki, prenderam-no na parede do p\u00e1tio usando cordas, taparam sua boca e o cobriram com uma lona preta; ningu\u00e9m veio socorrer Daiki, porquanto ningu\u00e9m o ouvia e tampouco se importava com ele.<\/h2>\t\t\t\t<\/div>\n\t\t\t\t<\/div>\n\t\t\t\t<div class=\"elementor-element elementor-element-7811182 elementor-widget elementor-widget-heading\" data-id=\"7811182\" data-element_type=\"widget\" data-widget_type=\"heading.default\">\n\t\t\t\t<div class=\"elementor-widget-container\">\n\t\t\t\t\t<h2 class=\"elementor-heading-title elementor-size-default\">Personalidade<\/h2>\t\t\t\t<\/div>\n\t\t\t\t<\/div>\n\t\t\t\t<div class=\"elementor-element elementor-element-4d6e3de elementor-widget elementor-widget-heading\" data-id=\"4d6e3de\" data-element_type=\"widget\" data-widget_type=\"heading.default\">\n\t\t\t\t<div class=\"elementor-widget-container\">\n\t\t\t\t\t<h2 class=\"elementor-heading-title elementor-size-default\">Kuma possui uma voz aveludada, baixa e misteriosa; possui um desejo constante para ter um corpo.\n<br><br>\nEle mesmo \u00e9 muito astuto, em troca de miseric\u00f3rdia, ele cobra favores. Caso seus favores n\u00e3o sejam feitos, o corpo da vitima se torna o pagamento.\n<br><br>\nTudo o que Kuma fala, no final de suas frases usa a palavra \u201cDayo\u201d.<\/h2>\t\t\t\t<\/div>\n\t\t\t\t<\/div>\n\t\t\t\t\t<\/div>\n\t\t\t\t<\/div>\n\t\t\t\t\t<\/div>\n\t\t\t\t<\/div>\n\t\t<div class=\"elementor-element elementor-element-bf8c443 e-flex e-con-boxed wpr-particle-no wpr-jarallax-no wpr-parallax-no wpr-sticky-section-no e-con e-parent\" data-id=\"bf8c443\" data-element_type=\"container\" data-settings=\"{&quot;background_background&quot;:&quot;classic&quot;,&quot;_ha_eqh_enable&quot;:false}\">\n\t\t\t\t\t<div class=\"e-con-inner\">\n\t\t<div class=\"elementor-element elementor-element-fc0c484 e-flex e-con-boxed wpr-particle-no wpr-jarallax-no wpr-parallax-no e-con e-child\" data-id=\"fc0c484\" data-element_type=\"container\" data-settings=\"{&quot;sticky&quot;:&quot;top&quot;,&quot;sticky_on&quot;:[&quot;desktop&quot;,&quot;tablet&quot;],&quot;sticky_offset&quot;:100,&quot;sticky_parent&quot;:&quot;yes&quot;,&quot;_ha_eqh_enable&quot;:false,&quot;sticky_effects_offset&quot;:0,&quot;sticky_anchor_link_offset&quot;:0}\">\n\t\t\t\t\t<div class=\"e-con-inner\">\n\t\t\t\t<div class=\"elementor-element elementor-element-284460d elementor-widget elementor-widget-image\" data-id=\"284460d\" data-element_type=\"widget\" data-widget_type=\"image.default\">\n\t\t\t\t<div class=\"elementor-widget-container\">\n\t\t\t\t\t\t\t\t\t\t\t\t\t\t\t<img loading=\"lazy\" decoding=\"async\" width=\"813\" height=\"921\" src=\"https:\/\/victorsoliv.com\/wp-content\/uploads\/2025\/06\/Demo2.png\" class=\"attachment-large size-large wp-image-4144\" alt=\"\" srcset=\"https:\/\/victorsoliv.com\/wp-content\/uploads\/2025\/06\/Demo2.png 813w, https:\/\/victorsoliv.com\/wp-content\/uploads\/2025\/06\/Demo2-265x300.png 265w, https:\/\/victorsoliv.com\/wp-content\/uploads\/2025\/06\/Demo2-768x870.png 768w, https:\/\/victorsoliv.com\/wp-content\/uploads\/2025\/06\/Demo2-11x12.png 11w\" sizes=\"(max-width: 813px) 100vw, 813px\" \/>\t\t\t\t\t\t\t\t\t\t\t\t\t\t\t<\/div>\n\t\t\t\t<\/div>\n\t\t\t\t\t<\/div>\n\t\t\t\t<\/div>\n\t\t<div class=\"elementor-element elementor-element-7d08475 e-flex e-con-boxed wpr-particle-no wpr-jarallax-no wpr-parallax-no wpr-sticky-section-no e-con e-child\" data-id=\"7d08475\" data-element_type=\"container\" data-settings=\"{&quot;_ha_eqh_enable&quot;:false}\">\n\t\t\t\t\t<div class=\"e-con-inner\">\n\t\t\t\t<div class=\"elementor-element elementor-element-6bd8427 elementor-widget elementor-widget-image\" data-id=\"6bd8427\" data-element_type=\"widget\" data-widget_type=\"image.default\">\n\t\t\t\t<div class=\"elementor-widget-container\">\n\t\t\t\t\t\t\t\t\t\t\t\t\t\t\t<img loading=\"lazy\" decoding=\"async\" width=\"376\" height=\"130\" src=\"https:\/\/victorsoliv.com\/wp-content\/uploads\/2025\/06\/Demo22.png\" class=\"attachment-large size-large wp-image-4145\" alt=\"\" srcset=\"https:\/\/victorsoliv.com\/wp-content\/uploads\/2025\/06\/Demo22.png 376w, https:\/\/victorsoliv.com\/wp-content\/uploads\/2025\/06\/Demo22-300x104.png 300w, https:\/\/victorsoliv.com\/wp-content\/uploads\/2025\/06\/Demo22-18x6.png 18w\" sizes=\"(max-width: 376px) 100vw, 376px\" \/>\t\t\t\t\t\t\t\t\t\t\t\t\t\t\t<\/div>\n\t\t\t\t<\/div>\n\t\t\t\t<div class=\"elementor-element elementor-element-e38e1be elementor-widget elementor-widget-heading\" data-id=\"e38e1be\" data-element_type=\"widget\" data-widget_type=\"heading.default\">\n\t\t\t\t<div class=\"elementor-widget-container\">\n\t\t\t\t\t<h2 class=\"elementor-heading-title elementor-size-default\">Sakuma \u00e9 o segundo pior dos dem\u00f4nios.\n<br><br>\nEle possui uma personalidade oposta \u00e0 de Kuma, sendo bastante impositor e agressivo.<\/h2>\t\t\t\t<\/div>\n\t\t\t\t<\/div>\n\t\t\t\t<div class=\"elementor-element elementor-element-00bfa51 elementor-widget elementor-widget-heading\" data-id=\"00bfa51\" data-element_type=\"widget\" data-widget_type=\"heading.default\">\n\t\t\t\t<div class=\"elementor-widget-container\">\n\t\t\t\t\t<h2 class=\"elementor-heading-title elementor-size-default\">Passado<\/h2>\t\t\t\t<\/div>\n\t\t\t\t<\/div>\n\t\t\t\t<div class=\"elementor-element elementor-element-e6388e0 elementor-widget elementor-widget-heading\" data-id=\"e6388e0\" data-element_type=\"widget\" data-widget_type=\"heading.default\">\n\t\t\t\t<div class=\"elementor-widget-container\">\n\t\t\t\t\t<h2 class=\"elementor-heading-title elementor-size-default\">Seu nome original era Isamu, e tinha 15 anos quando morreu.\n<br><br>\nIsamu era um aluno isolado, tirava notas baixas constantemente, e era extremamente impositor com todos da escola.\n<br><br>\nEle mesmo n\u00e3o fazia bullying com ningu\u00e9m, e sua imposi\u00e7\u00e3o escondia sua inseguran\u00e7a, que era o seu tamanho.\n<br><br>\nIsamu tinha baixa estatura e, apesar de ningu\u00e9m zo\u00e1-lo diretamente, ele afirmava sentir o julgamento das pessoas nos olhares.\n<br><br>\nEle n\u00e3o tinha pais, e vivia com sua tia, que era extremamente pobre e viciada jogos de azar.\n<br><br>\nHavia uma garota em sua escola da qual ele era extremamente apaixonado. Certo dia, Isamu revelou seus sentimentos \u00e0 garota; rapidamente a garota come\u00e7ou a rir alto, e a chamar todas as suas colegas ao redor, gritando \u201cvejam, vejam, o an\u00e3o se apaixonou pela princesa\u201d.\n<br><br>\nDesde ent\u00e3o Isamu passou a odiar mulheres.<\/h2>\t\t\t\t<\/div>\n\t\t\t\t<\/div>\n\t\t\t\t<div class=\"elementor-element elementor-element-f4a4282 elementor-widget elementor-widget-heading\" data-id=\"f4a4282\" data-element_type=\"widget\" data-widget_type=\"heading.default\">\n\t\t\t\t<div class=\"elementor-widget-container\">\n\t\t\t\t\t<h2 class=\"elementor-heading-title elementor-size-default\">Personalidade<\/h2>\t\t\t\t<\/div>\n\t\t\t\t<\/div>\n\t\t\t\t<div class=\"elementor-element elementor-element-0d1d0c3 elementor-widget elementor-widget-heading\" data-id=\"0d1d0c3\" data-element_type=\"widget\" data-widget_type=\"heading.default\">\n\t\t\t\t<div class=\"elementor-widget-container\">\n\t\t\t\t\t<h2 class=\"elementor-heading-title elementor-size-default\">Sakuma possui uma voz grossa e profunda; ele n\u00e3o gosta de conversas longas e nem de complexidades, sua m\u00e1xima \u00e9 a simplicidade, e tudo para ele \u00e9 perda de tempo.\n<br><br>\nEle se estressa facilmente, e quando est\u00e1 estressado, consome as coisas ao seu redor.\n<br><br>\nNunca fa\u00e7a Sakuma perder seu tempo, e sempre seja direto com ele.\n<br><br>\nEle vive dentro da sala da diretoria, pois assim se sente superior aos outros.<\/h2>\t\t\t\t<\/div>\n\t\t\t\t<\/div>\n\t\t\t\t\t<\/div>\n\t\t\t\t<\/div>\n\t\t\t\t\t<\/div>\n\t\t\t\t<\/div>\n\t\t<div class=\"elementor-element elementor-element-a7d3943 e-flex e-con-boxed wpr-particle-no wpr-jarallax-no wpr-parallax-no wpr-sticky-section-no e-con e-parent\" data-id=\"a7d3943\" data-element_type=\"container\" data-settings=\"{&quot;background_background&quot;:&quot;classic&quot;,&quot;_ha_eqh_enable&quot;:false}\">\n\t\t\t\t\t<div class=\"e-con-inner\">\n\t\t<div class=\"elementor-element elementor-element-42a4ce8 e-flex e-con-boxed wpr-particle-no wpr-jarallax-no wpr-parallax-no e-con e-child\" data-id=\"42a4ce8\" data-element_type=\"container\" data-settings=\"{&quot;sticky&quot;:&quot;top&quot;,&quot;sticky_on&quot;:[&quot;desktop&quot;,&quot;tablet&quot;],&quot;sticky_offset&quot;:100,&quot;sticky_parent&quot;:&quot;yes&quot;,&quot;_ha_eqh_enable&quot;:false,&quot;sticky_effects_offset&quot;:0,&quot;sticky_anchor_link_offset&quot;:0}\">\n\t\t\t\t\t<div class=\"e-con-inner\">\n\t\t\t\t<div class=\"elementor-element elementor-element-13b685e elementor-widget elementor-widget-image\" data-id=\"13b685e\" data-element_type=\"widget\" data-widget_type=\"image.default\">\n\t\t\t\t<div class=\"elementor-widget-container\">\n\t\t\t\t\t\t\t\t\t\t\t\t\t\t\t<img loading=\"lazy\" decoding=\"async\" width=\"813\" height=\"921\" src=\"https:\/\/victorsoliv.com\/wp-content\/uploads\/2025\/06\/Demo3.png\" class=\"attachment-large size-large wp-image-4153\" alt=\"\" srcset=\"https:\/\/victorsoliv.com\/wp-content\/uploads\/2025\/06\/Demo3.png 813w, https:\/\/victorsoliv.com\/wp-content\/uploads\/2025\/06\/Demo3-265x300.png 265w, https:\/\/victorsoliv.com\/wp-content\/uploads\/2025\/06\/Demo3-768x870.png 768w, https:\/\/victorsoliv.com\/wp-content\/uploads\/2025\/06\/Demo3-11x12.png 11w\" sizes=\"(max-width: 813px) 100vw, 813px\" \/>\t\t\t\t\t\t\t\t\t\t\t\t\t\t\t<\/div>\n\t\t\t\t<\/div>\n\t\t\t\t\t<\/div>\n\t\t\t\t<\/div>\n\t\t<div class=\"elementor-element elementor-element-ad2cddf e-flex e-con-boxed wpr-particle-no wpr-jarallax-no wpr-parallax-no wpr-sticky-section-no e-con e-child\" data-id=\"ad2cddf\" data-element_type=\"container\" data-settings=\"{&quot;_ha_eqh_enable&quot;:false}\">\n\t\t\t\t\t<div class=\"e-con-inner\">\n\t\t\t\t<div class=\"elementor-element elementor-element-5fb693c elementor-widget elementor-widget-image\" data-id=\"5fb693c\" data-element_type=\"widget\" data-widget_type=\"image.default\">\n\t\t\t\t<div class=\"elementor-widget-container\">\n\t\t\t\t\t\t\t\t\t\t\t\t\t\t\t<img loading=\"lazy\" decoding=\"async\" width=\"546\" height=\"130\" src=\"https:\/\/victorsoliv.com\/wp-content\/uploads\/2025\/06\/Demo32.png\" class=\"attachment-large size-large wp-image-4154\" alt=\"\" srcset=\"https:\/\/victorsoliv.com\/wp-content\/uploads\/2025\/06\/Demo32.png 546w, https:\/\/victorsoliv.com\/wp-content\/uploads\/2025\/06\/Demo32-300x71.png 300w, https:\/\/victorsoliv.com\/wp-content\/uploads\/2025\/06\/Demo32-18x4.png 18w\" sizes=\"(max-width: 546px) 100vw, 546px\" \/>\t\t\t\t\t\t\t\t\t\t\t\t\t\t\t<\/div>\n\t\t\t\t<\/div>\n\t\t\t\t<div class=\"elementor-element elementor-element-35bf978 elementor-widget elementor-widget-heading\" data-id=\"35bf978\" data-element_type=\"widget\" data-widget_type=\"heading.default\">\n\t\t\t\t<div class=\"elementor-widget-container\">\n\t\t\t\t\t<h2 class=\"elementor-heading-title elementor-size-default\">Benkyo-san \u00e9 um dem\u00f4nio neutro e que vive em seus pr\u00f3prios pensamentos.\n<br><br>\nEle n\u00e3o faz quest\u00e3o de fazer nada a ningu\u00e9m, e gosta apenas de viver em seu pr\u00f3prio mundo.<\/h2>\t\t\t\t<\/div>\n\t\t\t\t<\/div>\n\t\t\t\t<div class=\"elementor-element elementor-element-2301a69 elementor-widget elementor-widget-heading\" data-id=\"2301a69\" data-element_type=\"widget\" data-widget_type=\"heading.default\">\n\t\t\t\t<div class=\"elementor-widget-container\">\n\t\t\t\t\t<h2 class=\"elementor-heading-title elementor-size-default\">Passado<\/h2>\t\t\t\t<\/div>\n\t\t\t\t<\/div>\n\t\t\t\t<div class=\"elementor-element elementor-element-b60e6b4 elementor-widget elementor-widget-heading\" data-id=\"b60e6b4\" data-element_type=\"widget\" data-widget_type=\"heading.default\">\n\t\t\t\t<div class=\"elementor-widget-container\">\n\t\t\t\t\t<h2 class=\"elementor-heading-title elementor-size-default\">Seu nome original era Akiro, e tinha 15 anos quando morreu.\n<br><br>\nAkiro, assim como Isamu e Daiki, era extremamente isolado; a diferen\u00e7a era que Akiro tinha dois amigos, que eram semelhantes a ele.\n<br><br>\nAkiro era um aluno excepcional, desde quando nasceu sempre mostrou ser superdotado. Aos 5 anos de idade solucionava problemas de f\u00edsica avan\u00e7ada.\n<br><br>\nAos 10 anos foi chamado para cursar gradua\u00e7\u00e3o em f\u00edsica na Nasa, do qual recusou, pois dizia odiar pessoas e ser mais inteligente que todos.\n<br><br>\nAkiro criava contribui\u00e7\u00f5es academicas muito relevantes, entretanto, todas as suas contribui\u00e7\u00f5es eram roubadas por algum adulto, e ele nunca conseguia se defender, pois ningu\u00e9m acreditava nele.\n<br><br>\nNa escola, os professores odiavam Akiro, e Akiro odiava os professores.\n<br><br>\nCerto dia, Akiro escreveu mais de 20 artigos academicos que poderia revolucionar a hist\u00f3ria da F\u00edsica, e publicou eles em seu blog; os artigos eram sobre viagem no tempo e sua correla\u00e7\u00e3o com eventos sobrenaturais. Todos os artigos foram roubados e publicados no nome de outra pessoa.\n<br><br>\nNeste mesmo dia, em sua escola, um grupo de professores mascarados deram um soco na barriga de Akiro, pegaram seus cadernos que possuiam seus escritos, e atearam fogo.\n<br><br>\nDesde ent\u00e3o Akiro odeia a presen\u00e7a humana e o di\u00e1logo com pessoas comuns.<\/h2>\t\t\t\t<\/div>\n\t\t\t\t<\/div>\n\t\t\t\t<div class=\"elementor-element elementor-element-d53dd28 elementor-widget elementor-widget-heading\" data-id=\"d53dd28\" data-element_type=\"widget\" data-widget_type=\"heading.default\">\n\t\t\t\t<div class=\"elementor-widget-container\">\n\t\t\t\t\t<h2 class=\"elementor-heading-title elementor-size-default\">Personalidade<\/h2>\t\t\t\t<\/div>\n\t\t\t\t<\/div>\n\t\t\t\t<div class=\"elementor-element elementor-element-b5c26da elementor-widget elementor-widget-heading\" data-id=\"b5c26da\" data-element_type=\"widget\" data-widget_type=\"heading.default\">\n\t\t\t\t<div class=\"elementor-widget-container\">\n\t\t\t\t\t<h2 class=\"elementor-heading-title elementor-size-default\">Akiro possui uma voz bem baixa, quase silenciosa, por\u00e9m fala bastante r\u00e1pido; ele gosta de conversas complexas, e n\u00e3o d\u00e1 ouvidos caso voc\u00ea fale de algo que ele ache ser irrelevante.\n<br><br>\nTome cuidado, pois caso Akiro n\u00e3o goste de voc\u00ea, ele ir\u00e1 absorver sua consci\u00eancia.\n<br><br>\nSeu lugar favorito \u00e9 a biblioteca, onde vive meditando.<\/h2>\t\t\t\t<\/div>\n\t\t\t\t<\/div>\n\t\t\t\t\t<\/div>\n\t\t\t\t<\/div>\n\t\t\t\t\t<\/div>\n\t\t\t\t<\/div>\n\t\t<div class=\"elementor-element elementor-element-dc325de e-flex e-con-boxed wpr-particle-no wpr-jarallax-no wpr-parallax-no wpr-sticky-section-no e-con e-parent\" data-id=\"dc325de\" data-element_type=\"container\" data-settings=\"{&quot;background_background&quot;:&quot;classic&quot;,&quot;_ha_eqh_enable&quot;:false}\">\n\t\t\t\t\t<div class=\"e-con-inner\">\n\t\t<div class=\"elementor-element elementor-element-dca6fee e-flex e-con-boxed wpr-particle-no wpr-jarallax-no wpr-parallax-no e-con e-child\" data-id=\"dca6fee\" data-element_type=\"container\" data-settings=\"{&quot;sticky&quot;:&quot;top&quot;,&quot;sticky_on&quot;:[&quot;desktop&quot;,&quot;tablet&quot;],&quot;sticky_offset&quot;:100,&quot;sticky_parent&quot;:&quot;yes&quot;,&quot;_ha_eqh_enable&quot;:false,&quot;sticky_effects_offset&quot;:0,&quot;sticky_anchor_link_offset&quot;:0}\">\n\t\t\t\t\t<div class=\"e-con-inner\">\n\t\t\t\t<div class=\"elementor-element elementor-element-1df5d63 elementor-widget elementor-widget-image\" data-id=\"1df5d63\" data-element_type=\"widget\" data-widget_type=\"image.default\">\n\t\t\t\t<div class=\"elementor-widget-container\">\n\t\t\t\t\t\t\t\t\t\t\t\t\t\t\t<img loading=\"lazy\" decoding=\"async\" width=\"813\" height=\"921\" src=\"https:\/\/victorsoliv.com\/wp-content\/uploads\/2025\/06\/Demo4.png\" class=\"attachment-large size-large wp-image-4155\" alt=\"\" srcset=\"https:\/\/victorsoliv.com\/wp-content\/uploads\/2025\/06\/Demo4.png 813w, https:\/\/victorsoliv.com\/wp-content\/uploads\/2025\/06\/Demo4-265x300.png 265w, https:\/\/victorsoliv.com\/wp-content\/uploads\/2025\/06\/Demo4-768x870.png 768w, https:\/\/victorsoliv.com\/wp-content\/uploads\/2025\/06\/Demo4-11x12.png 11w\" sizes=\"(max-width: 813px) 100vw, 813px\" \/>\t\t\t\t\t\t\t\t\t\t\t\t\t\t\t<\/div>\n\t\t\t\t<\/div>\n\t\t\t\t\t<\/div>\n\t\t\t\t<\/div>\n\t\t<div class=\"elementor-element elementor-element-31c653e e-flex e-con-boxed wpr-particle-no wpr-jarallax-no wpr-parallax-no wpr-sticky-section-no e-con e-child\" data-id=\"31c653e\" data-element_type=\"container\" data-settings=\"{&quot;_ha_eqh_enable&quot;:false}\">\n\t\t\t\t\t<div class=\"e-con-inner\">\n\t\t\t\t<div class=\"elementor-element elementor-element-556344f elementor-widget elementor-widget-image\" data-id=\"556344f\" data-element_type=\"widget\" data-widget_type=\"image.default\">\n\t\t\t\t<div class=\"elementor-widget-container\">\n\t\t\t\t\t\t\t\t\t\t\t\t\t\t\t<img loading=\"lazy\" decoding=\"async\" width=\"428\" height=\"130\" src=\"https:\/\/victorsoliv.com\/wp-content\/uploads\/2025\/06\/Demo42.png\" class=\"attachment-large size-large wp-image-4156\" alt=\"\" srcset=\"https:\/\/victorsoliv.com\/wp-content\/uploads\/2025\/06\/Demo42.png 428w, https:\/\/victorsoliv.com\/wp-content\/uploads\/2025\/06\/Demo42-300x91.png 300w, https:\/\/victorsoliv.com\/wp-content\/uploads\/2025\/06\/Demo42-18x5.png 18w\" sizes=\"(max-width: 428px) 100vw, 428px\" \/>\t\t\t\t\t\t\t\t\t\t\t\t\t\t\t<\/div>\n\t\t\t\t<\/div>\n\t\t\t\t<div class=\"elementor-element elementor-element-58bc947 elementor-widget elementor-widget-heading\" data-id=\"58bc947\" data-element_type=\"widget\" data-widget_type=\"heading.default\">\n\t\t\t\t<div class=\"elementor-widget-container\">\n\t\t\t\t\t<h2 class=\"elementor-heading-title elementor-size-default\">Tabe-san \u00e9 um dem\u00f4nio que n\u00e3o quer saber de nada al\u00e9m de comer.\n<br><br>\nEle vive comendo lixo, e seu sonho \u00e9 provar comidas \u00fanicas e deliciosas.<\/h2>\t\t\t\t<\/div>\n\t\t\t\t<\/div>\n\t\t\t\t<div class=\"elementor-element elementor-element-116c7e3 elementor-widget elementor-widget-heading\" data-id=\"116c7e3\" data-element_type=\"widget\" data-widget_type=\"heading.default\">\n\t\t\t\t<div class=\"elementor-widget-container\">\n\t\t\t\t\t<h2 class=\"elementor-heading-title elementor-size-default\">Passado<\/h2>\t\t\t\t<\/div>\n\t\t\t\t<\/div>\n\t\t\t\t<div class=\"elementor-element elementor-element-e2dc735 elementor-widget elementor-widget-heading\" data-id=\"e2dc735\" data-element_type=\"widget\" data-widget_type=\"heading.default\">\n\t\t\t\t<div class=\"elementor-widget-container\">\n\t\t\t\t\t<h2 class=\"elementor-heading-title elementor-size-default\">Seu nome original era Daigo, e tinha 15 anos quando morreu.\n<br><br>\nDaigo era um aluno muito isolado, e todos o zoavam por ter um corpo extremamente acima do peso, mas Daigo nunca ligou.\n<br><br>\nEle sempre foi uma pessoa gentil, por\u00e9m extremamente inocente.\n<br><br>\nCerto dia, um grupo de alunos fizeram ele tomar uma mistura de baratas e insetos, junto de camundongos triturados. Neste mesmo dia Daigo foi hospitalizado, e quase morreu.\n<br><br>\nOs pais de Daigo cuidavam dele apenas por obriga\u00e7\u00e3o legal, mas faziam o filho viver em situa\u00e7\u00f5es prec\u00e1rias, com roupas velhas e um quarto apertado.\n<br><br>\nEm outro dia, o mesmo grupo de alunos empurrou Daigo da escada principal da escola; ele quebrou suas duas pernas e teve que usar cadeira de rodas por 6 meses. Os pais de Daigo foram informados, mas n\u00e3o quiseram fazer nada, pois odiavam seu filho.\n<br><br>\nDesde ent\u00e3o, Daigo sempre fugia para um dos ambientes externos da escola, onde ficava sozinho pensando.<\/h2>\t\t\t\t<\/div>\n\t\t\t\t<\/div>\n\t\t\t\t<div class=\"elementor-element elementor-element-a7e60ca elementor-widget elementor-widget-heading\" data-id=\"a7e60ca\" data-element_type=\"widget\" data-widget_type=\"heading.default\">\n\t\t\t\t<div class=\"elementor-widget-container\">\n\t\t\t\t\t<h2 class=\"elementor-heading-title elementor-size-default\">Personalidade<\/h2>\t\t\t\t<\/div>\n\t\t\t\t<\/div>\n\t\t\t\t<div class=\"elementor-element elementor-element-88c30b9 elementor-widget elementor-widget-heading\" data-id=\"88c30b9\" data-element_type=\"widget\" data-widget_type=\"heading.default\">\n\t\t\t\t<div class=\"elementor-widget-container\">\n\t\t\t\t\t<h2 class=\"elementor-heading-title elementor-size-default\">Tabe-san possui uma voz relativamente grossa, por\u00e9m fala extremamente lento e as vezes sem sentido.\n<br><br>\nEle n\u00e3o faz nada, contanto que voc\u00ea o alimente com comidas interessantes. Caso ele n\u00e3o seja alimentado, voc\u00ea se torna o alimento.\n<br><br>\nN\u00e3o deixe Tabe-san encontrar o armazen de comida.<\/h2>\t\t\t\t<\/div>\n\t\t\t\t<\/div>\n\t\t\t\t\t<\/div>\n\t\t\t\t<\/div>\n\t\t\t\t\t<\/div>\n\t\t\t\t<\/div>\n\t\t<div class=\"elementor-element elementor-element-43e5b8a e-flex e-con-boxed wpr-particle-no wpr-jarallax-no wpr-parallax-no wpr-sticky-section-no e-con e-parent\" data-id=\"43e5b8a\" data-element_type=\"container\" data-settings=\"{&quot;background_background&quot;:&quot;classic&quot;,&quot;_ha_eqh_enable&quot;:false}\">\n\t\t\t\t\t<div class=\"e-con-inner\">\n\t\t<div class=\"elementor-element elementor-element-f549028 e-flex e-con-boxed wpr-particle-no wpr-jarallax-no wpr-parallax-no e-con e-child\" data-id=\"f549028\" data-element_type=\"container\" data-settings=\"{&quot;sticky&quot;:&quot;top&quot;,&quot;sticky_on&quot;:[&quot;desktop&quot;,&quot;tablet&quot;],&quot;sticky_offset&quot;:100,&quot;sticky_parent&quot;:&quot;yes&quot;,&quot;_ha_eqh_enable&quot;:false,&quot;sticky_effects_offset&quot;:0,&quot;sticky_anchor_link_offset&quot;:0}\">\n\t\t\t\t\t<div class=\"e-con-inner\">\n\t\t\t\t<div class=\"elementor-element elementor-element-11ee914 elementor-widget elementor-widget-image\" data-id=\"11ee914\" data-element_type=\"widget\" data-widget_type=\"image.default\">\n\t\t\t\t<div class=\"elementor-widget-container\">\n\t\t\t\t\t\t\t\t\t\t\t\t\t\t\t<img loading=\"lazy\" decoding=\"async\" width=\"813\" height=\"921\" src=\"https:\/\/victorsoliv.com\/wp-content\/uploads\/2025\/06\/Demo5.png\" class=\"attachment-large size-large wp-image-4160\" alt=\"\" srcset=\"https:\/\/victorsoliv.com\/wp-content\/uploads\/2025\/06\/Demo5.png 813w, https:\/\/victorsoliv.com\/wp-content\/uploads\/2025\/06\/Demo5-265x300.png 265w, https:\/\/victorsoliv.com\/wp-content\/uploads\/2025\/06\/Demo5-768x870.png 768w, https:\/\/victorsoliv.com\/wp-content\/uploads\/2025\/06\/Demo5-11x12.png 11w\" sizes=\"(max-width: 813px) 100vw, 813px\" \/>\t\t\t\t\t\t\t\t\t\t\t\t\t\t\t<\/div>\n\t\t\t\t<\/div>\n\t\t\t\t\t<\/div>\n\t\t\t\t<\/div>\n\t\t<div class=\"elementor-element elementor-element-43ed614 e-flex e-con-boxed wpr-particle-no wpr-jarallax-no wpr-parallax-no wpr-sticky-section-no e-con e-child\" data-id=\"43ed614\" data-element_type=\"container\" data-settings=\"{&quot;_ha_eqh_enable&quot;:false}\">\n\t\t\t\t\t<div class=\"e-con-inner\">\n\t\t\t\t<div class=\"elementor-element elementor-element-853841a elementor-widget elementor-widget-image\" data-id=\"853841a\" data-element_type=\"widget\" data-widget_type=\"image.default\">\n\t\t\t\t<div class=\"elementor-widget-container\">\n\t\t\t\t\t\t\t\t\t\t\t\t\t\t\t<img loading=\"lazy\" decoding=\"async\" width=\"368\" height=\"130\" src=\"https:\/\/victorsoliv.com\/wp-content\/uploads\/2025\/06\/Demo52.png\" class=\"attachment-large size-large wp-image-4161\" alt=\"\" srcset=\"https:\/\/victorsoliv.com\/wp-content\/uploads\/2025\/06\/Demo52.png 368w, https:\/\/victorsoliv.com\/wp-content\/uploads\/2025\/06\/Demo52-300x106.png 300w, https:\/\/victorsoliv.com\/wp-content\/uploads\/2025\/06\/Demo52-18x6.png 18w\" sizes=\"(max-width: 368px) 100vw, 368px\" \/>\t\t\t\t\t\t\t\t\t\t\t\t\t\t\t<\/div>\n\t\t\t\t<\/div>\n\t\t\t\t<div class=\"elementor-element elementor-element-5b3a793 elementor-widget elementor-widget-heading\" data-id=\"5b3a793\" data-element_type=\"widget\" data-widget_type=\"heading.default\">\n\t\t\t\t<div class=\"elementor-widget-container\">\n\t\t\t\t\t<h2 class=\"elementor-heading-title elementor-size-default\">Ine-san \u00e9 o dem\u00f4nio que s\u00f3 quer saber de divers\u00e3o.\n<br><br>\nEle adora brinquedos e bujigangas interessantes, e gosta de jogar sempre o mesmo videogame.\n<br><br>\nEle n\u00e3o larga seu \u00f3culos escuro por nada.<\/h2>\t\t\t\t<\/div>\n\t\t\t\t<\/div>\n\t\t\t\t<div class=\"elementor-element elementor-element-d2cb9a1 elementor-widget elementor-widget-heading\" data-id=\"d2cb9a1\" data-element_type=\"widget\" data-widget_type=\"heading.default\">\n\t\t\t\t<div class=\"elementor-widget-container\">\n\t\t\t\t\t<h2 class=\"elementor-heading-title elementor-size-default\">Passado<\/h2>\t\t\t\t<\/div>\n\t\t\t\t<\/div>\n\t\t\t\t<div class=\"elementor-element elementor-element-9f67182 elementor-widget elementor-widget-heading\" data-id=\"9f67182\" data-element_type=\"widget\" data-widget_type=\"heading.default\">\n\t\t\t\t<div class=\"elementor-widget-container\">\n\t\t\t\t\t<h2 class=\"elementor-heading-title elementor-size-default\">Seu nome original era Yukiya, e tinha 15 anos quando morreu.\n<br><br>\nYukiya era parte de um grupo de alunos descolados da escola, entretanto, ele era apenas usado por esses alunos, como uma especie de mordomo.\n<br><br>\nYukiya sempre foi bullyinado por sua apar\u00eancia, especialmente pelo pr\u00f3prio grupo que fazia parte, e passou a esconder suas inseguran\u00e7as em uma personalidade descolada for\u00e7ada, a ponto de esquecer sua genuina identidade.\n<br><br>\nEscondia sua profunda mis\u00e9ria interna atr\u00e1s de um falso sorriso, e usava \u00f3culos escuros para esconder seu olhar morto.\n<br><br>\nYukiya vivia de fone, como forma de fugir da realidade, mas ningu\u00e9m nunca sabia o que ele ouvia e, mesmo perguntando a ele, ele sempre mudava de assunto.\n<br><br>\nEle adorava jogar video game e consumia muita cultura pop; deixava de estudar apenas para consumir entretenimento constante. Gostava de trazer curiosidades sobre todas as coisas para as pessoas que encontrava, entretanto, ningu\u00e9m dava ouvidos e o achavam estranho.\n<br><br>\nCerto dia, quando estava apresentando um trabalho na frente de todos os alunos da sala de aula, por conta de seu nervosismo Yukiya defecou em suas cal\u00e7as, a ponto de sujar o ch\u00e3o. Ele entrou em desespero, fazendo seu \u00f3culos e fone cair ao mesmo tempo; ent\u00e3o saiu correndo da sala, mas trope\u00e7ou no corredor, bateu a cabe\u00e7a e ficou inconsciente.\n<br><br>\nDesde ent\u00e3o Yukiya s\u00f3 ia para a escola para fazer as provas, mas passou a viver dentro de seu quarto e desenvolveu esquizofrenia.<\/h2>\t\t\t\t<\/div>\n\t\t\t\t<\/div>\n\t\t\t\t<div class=\"elementor-element elementor-element-2723c4d elementor-widget elementor-widget-heading\" data-id=\"2723c4d\" data-element_type=\"widget\" data-widget_type=\"heading.default\">\n\t\t\t\t<div class=\"elementor-widget-container\">\n\t\t\t\t\t<h2 class=\"elementor-heading-title elementor-size-default\">Personalidade<\/h2>\t\t\t\t<\/div>\n\t\t\t\t<\/div>\n\t\t\t\t<div class=\"elementor-element elementor-element-0239137 elementor-widget elementor-widget-heading\" data-id=\"0239137\" data-element_type=\"widget\" data-widget_type=\"heading.default\">\n\t\t\t\t<div class=\"elementor-widget-container\">\n\t\t\t\t\t<h2 class=\"elementor-heading-title elementor-size-default\">Ine-san possui uma voz relativamente aguda, e extremamente alta, a ponto de ser irritante.\n<br><br>\nEle tamb\u00e9m fala relativamente r\u00e1pido e constantemente faz gracinhas e piadas sem sentido.\n<br><br>\nEm todas as suas falas, no final de cada frase ele fala a palavra \u201cMate\u201d -- uma palavra inglesa britanica para \u201camigo\u201d.\n<br><br>\nNunca recuse ouvir uma curiosidade de Ine-san, e caso ele te convide para jogar, sempre aceite.<\/h2>\t\t\t\t<\/div>\n\t\t\t\t<\/div>\n\t\t\t\t\t<\/div>\n\t\t\t\t<\/div>\n\t\t\t\t\t<\/div>\n\t\t\t\t<\/div>\n\t\t\t\t\t<\/div>\n\t\t<\/div>\n\t\t\t\t\t<\/div>\n\t\t<\/section>\n\t\t<div class=\"elementor-element elementor-element-4140da1 e-flex e-con-boxed wpr-particle-no wpr-jarallax-no wpr-parallax-no wpr-sticky-section-no e-con e-parent\" data-id=\"4140da1\" data-element_type=\"container\" data-settings=\"{&quot;background_background&quot;:&quot;classic&quot;,&quot;_ha_eqh_enable&quot;:false}\">\n\t\t\t\t\t<div class=\"e-con-inner\">\n\t\t<div class=\"elementor-element elementor-element-4da1e62 e-flex e-con-boxed wpr-particle-no wpr-jarallax-no wpr-parallax-no wpr-sticky-section-no e-con e-child\" data-id=\"4da1e62\" data-element_type=\"container\" data-settings=\"{&quot;_ha_eqh_enable&quot;:false}\">\n\t\t\t\t\t<div class=\"e-con-inner\">\n\t\t\t\t<div class=\"elementor-element elementor-element-d274fdb elementor-widget elementor-widget-heading\" data-id=\"d274fdb\" data-element_type=\"widget\" data-widget_type=\"heading.default\">\n\t\t\t\t<div class=\"elementor-widget-container\">\n\t\t\t\t\t<h2 class=\"elementor-heading-title elementor-size-default\">Relacionamento entre os dem\u00f4nios<\/h2>\t\t\t\t<\/div>\n\t\t\t\t<\/div>\n\t\t\t\t<div class=\"elementor-element elementor-element-edffaae elementor-widget elementor-widget-heading\" data-id=\"edffaae\" data-element_type=\"widget\" data-widget_type=\"heading.default\">\n\t\t\t\t<div class=\"elementor-widget-container\">\n\t\t\t\t\t<h2 class=\"elementor-heading-title elementor-size-default\">Como dito anteriormente, Kuma \u00e9 o l\u00edder dos dem\u00f4nios, e todos eles fazem o que ele mandar, sem questionar ou pensar duas vezes; caso algum deles o desrespeite, Kuma pode o absorver.\n<br><br>\nSakuma detesta Kuma, por conta de sua personalidade, mas n\u00e3o tem coragem para enfrent\u00e1-lo, ent\u00e3o vive em suas sombras reclamando de suas ordens.\n<br><br>\nOs dem\u00f4nios n\u00e3o se comunicam entre si, apenas em raras ocasi\u00f5es, mas todos pensam somente em si mesmos.<\/h2>\t\t\t\t<\/div>\n\t\t\t\t<\/div>\n\t\t\t\t\t<\/div>\n\t\t\t\t<\/div>\n\t\t\t\t\t<\/div>\n\t\t\t\t<\/div>\n\t\t<div class=\"elementor-element elementor-element-b713859 e-flex e-con-boxed wpr-particle-no wpr-jarallax-no wpr-parallax-no wpr-sticky-section-no e-con e-parent\" data-id=\"b713859\" data-element_type=\"container\" data-settings=\"{&quot;background_background&quot;:&quot;classic&quot;,&quot;_ha_eqh_enable&quot;:false}\">\n\t\t\t\t\t<div class=\"e-con-inner\">\n\t\t<div class=\"elementor-element elementor-element-993beb7 e-flex e-con-boxed wpr-particle-no wpr-jarallax-no wpr-parallax-no wpr-sticky-section-no e-con e-child\" data-id=\"993beb7\" data-element_type=\"container\" data-settings=\"{&quot;_ha_eqh_enable&quot;:false}\">\n\t\t\t\t\t<div class=\"e-con-inner\">\n\t\t\t\t<div class=\"elementor-element elementor-element-7bb95ea elementor-widget elementor-widget-heading\" data-id=\"7bb95ea\" data-element_type=\"widget\" data-widget_type=\"heading.default\">\n\t\t\t\t<div class=\"elementor-widget-container\">\n\t\t\t\t\t<h2 class=\"elementor-heading-title elementor-size-default\">Plot Twist<\/h2>\t\t\t\t<\/div>\n\t\t\t\t<\/div>\n\t\t\t\t<div class=\"elementor-element elementor-element-e2bfba0 elementor-widget elementor-widget-heading\" data-id=\"e2bfba0\" data-element_type=\"widget\" data-widget_type=\"heading.default\">\n\t\t\t\t<div class=\"elementor-widget-container\">\n\t\t\t\t\t<h2 class=\"elementor-heading-title elementor-size-default\">O Massacre das Cabe\u00e7as foi causado pelo pr\u00f3prio Kuma.\n<br><br>\nNo mundo espiritual, n\u00e3o existe tempo, logo, mesmo que o Kuma tenha surgido por causa do Massacre das Cabe\u00e7as, ele mesmo foi a causa do massacre, ele mesmo se criou.\n<br><br>\nToda vez que um dem\u00f4nio pratica alguma a\u00e7\u00e3o no futuro, essa a\u00e7\u00e3o acaba interferindo de alguma forma -- em alguma coisa -- no passado.\n<br><br>\nTodos os eventos paranormais da hist\u00f3ria s\u00e3o na verdade sintomas de a\u00e7\u00f5es espirituais do futuro. Isto \u00e9 algo que o Akiro havia descoberto antes de morrer, mas s\u00f3 foi concluir sua tese corretamente depois de muita medita\u00e7\u00e3o (j\u00e1 em sua forma de dem\u00f4nio) e depois de uma conversa que teve com o personagem Kenji.\n<br><br>\nPor conta das constantes influ\u00eancias de Kuma na escola, a escola inteira se tornou um loop temporal \u00e0 noite, e a \u00fanica forma de sair dele \u00e9 removendo a influ\u00eancia de Kuma.<\/h2>\t\t\t\t<\/div>\n\t\t\t\t<\/div>\n\t\t\t\t\t<\/div>\n\t\t\t\t<\/div>\n\t\t\t\t\t<\/div>\n\t\t\t\t<\/div>\n\t\t<div class=\"elementor-element elementor-element-c7d31bf e-flex e-con-boxed wpr-particle-no wpr-jarallax-no wpr-parallax-no wpr-sticky-section-no e-con e-parent\" data-id=\"c7d31bf\" data-element_type=\"container\" data-settings=\"{&quot;background_background&quot;:&quot;classic&quot;,&quot;_ha_eqh_enable&quot;:false}\">\n\t\t\t\t\t<div class=\"e-con-inner\">\n\t\t<div class=\"elementor-element elementor-element-eca5c9e e-flex e-con-boxed wpr-particle-no wpr-jarallax-no wpr-parallax-no wpr-sticky-section-no e-con e-child\" data-id=\"eca5c9e\" data-element_type=\"container\" data-settings=\"{&quot;_ha_eqh_enable&quot;:false}\">\n\t\t\t\t\t<div class=\"e-con-inner\">\n\t\t\t\t<div class=\"elementor-element elementor-element-5d7178e elementor-widget elementor-widget-heading\" data-id=\"5d7178e\" data-element_type=\"widget\" data-widget_type=\"heading.default\">\n\t\t\t\t<div class=\"elementor-widget-container\">\n\t\t\t\t\t<h2 class=\"elementor-heading-title elementor-size-default\">Semi\u00f3tica<\/h2>\t\t\t\t<\/div>\n\t\t\t\t<\/div>\n\t\t\t\t<div class=\"elementor-element elementor-element-26a65b2 elementor-widget elementor-widget-heading\" data-id=\"26a65b2\" data-element_type=\"widget\" data-widget_type=\"heading.default\">\n\t\t\t\t<div class=\"elementor-widget-container\">\n\t\t\t\t\t<h2 class=\"elementor-heading-title elementor-size-default\">A ideia de que algo abstrato (espiritual) afeta no passado, \u00e9 para passar a mensagem de que tudo aquilo que somos no futuro, pode ser o passado de outro futuro nosso, e que devemos sempre ter cuidado com o que fazemos de nossas vidas; devemos aprender a nos valorizarmos, buscarmos sermos melhores, e deixarmos de nos prender ao passado.\n<br><br>\nToda busca no futuro, sempre ser\u00e1 produto de uma busca do passado.<\/h2>\t\t\t\t<\/div>\n\t\t\t\t<\/div>\n\t\t\t\t\t<\/div>\n\t\t\t\t<\/div>\n\t\t\t\t\t<\/div>\n\t\t\t\t<\/div>\n\t\t<div class=\"elementor-element elementor-element-b562857 e-con-full e-flex wpr-particle-no wpr-jarallax-no wpr-parallax-no wpr-sticky-section-no e-con e-parent\" data-id=\"b562857\" data-element_type=\"container\" data-settings=\"{&quot;_ha_eqh_enable&quot;:false}\">\n\t\t\t\t<div class=\"elementor-element elementor-element-bf6f769 elementor-widget elementor-widget-image\" data-id=\"bf6f769\" data-element_type=\"widget\" data-widget_type=\"image.default\">\n\t\t\t\t<div class=\"elementor-widget-container\">\n\t\t\t\t\t\t\t\t\t\t\t\t\t\t\t<img fetchpriority=\"high\" decoding=\"async\" width=\"1920\" height=\"1080\" src=\"https:\/\/victorsoliv.com\/wp-content\/uploads\/2025\/06\/1.png\" class=\"attachment-full size-full wp-image-4122\" alt=\"\" srcset=\"https:\/\/victorsoliv.com\/wp-content\/uploads\/2025\/06\/1.png 1920w, https:\/\/victorsoliv.com\/wp-content\/uploads\/2025\/06\/1-300x169.png 300w, https:\/\/victorsoliv.com\/wp-content\/uploads\/2025\/06\/1-1024x576.png 1024w, https:\/\/victorsoliv.com\/wp-content\/uploads\/2025\/06\/1-768x432.png 768w, https:\/\/victorsoliv.com\/wp-content\/uploads\/2025\/06\/1-1536x864.png 1536w, https:\/\/victorsoliv.com\/wp-content\/uploads\/2025\/06\/1-18x10.png 18w\" sizes=\"(max-width: 1920px) 100vw, 1920px\" \/>\t\t\t\t\t\t\t\t\t\t\t\t\t\t\t<\/div>\n\t\t\t\t<\/div>\n\t\t\t\t<\/div>\n\t\t\t\t<\/div>","protected":false},"excerpt":{"rendered":"<p>http:\/\/victorsoliv.com\/wp-content\/uploads\/2025\/06\/Banner-Animado.mp4 Resumo Zaakuma \u00e9 um jogo de terror psicologico do genero RPG, inspirado em Ao Oni. Por ser RPG, o jogador tem a possibilidade de fazer diversas escolhas que levam a diferentes caminhos e resultados, criando assim uma maior imers\u00e3o e imprevisibilidade. Sua jogabilidade consiste em andar pelo mapa em busca de itens para desbloquear caminhos e hist\u00f3rias, sem morrer, e ent\u00e3o finalizar o jogo. O jogo possui 5 dem\u00f4nios malignos, sendo um deles o vil\u00e3o principal cuja hist\u00f3ria gira em torno. Cada dem\u00f4nio possui sua pr\u00f3pria personalidade e hist\u00f3ria, com seus pr\u00f3prios desafios, para aumentar a imers\u00e3o do jogador\u2026<\/p>","protected":false},"author":1,"featured_media":0,"parent":0,"menu_order":0,"comment_status":"closed","ping_status":"closed","template":"elementor_canvas","meta":{"om_disable_all_campaigns":false,"_monsterinsights_skip_tracking":false,"_monsterinsights_sitenote_active":false,"_monsterinsights_sitenote_note":"","_monsterinsights_sitenote_category":0,"footnotes":""},"class_list":["post-4120","page","type-page","status-publish","hentry"],"blocksy_meta":{"styles_descriptor":{"styles":{"desktop":"","tablet":"","mobile":""},"google_fonts":[],"version":5}},"aioseo_notices":[],"_links":{"self":[{"href":"https:\/\/victorsoliv.com\/en\/wp-json\/wp\/v2\/pages\/4120","targetHints":{"allow":["GET"]}}],"collection":[{"href":"https:\/\/victorsoliv.com\/en\/wp-json\/wp\/v2\/pages"}],"about":[{"href":"https:\/\/victorsoliv.com\/en\/wp-json\/wp\/v2\/types\/page"}],"author":[{"embeddable":true,"href":"https:\/\/victorsoliv.com\/en\/wp-json\/wp\/v2\/users\/1"}],"replies":[{"embeddable":true,"href":"https:\/\/victorsoliv.com\/en\/wp-json\/wp\/v2\/comments?post=4120"}],"version-history":[{"count":61,"href":"https:\/\/victorsoliv.com\/en\/wp-json\/wp\/v2\/pages\/4120\/revisions"}],"predecessor-version":[{"id":4195,"href":"https:\/\/victorsoliv.com\/en\/wp-json\/wp\/v2\/pages\/4120\/revisions\/4195"}],"wp:attachment":[{"href":"https:\/\/victorsoliv.com\/en\/wp-json\/wp\/v2\/media?parent=4120"}],"curies":[{"name":"wp","href":"https:\/\/api.w.org\/{rel}","templated":true}]}}